{"id":137,"date":"2020-09-24T04:15:44","date_gmt":"2020-09-24T02:15:44","guid":{"rendered":"https:\/\/ninetheme.com\/themes\/ahope\/?page_id=137"},"modified":"2020-10-23T10:52:37","modified_gmt":"2020-10-23T08:52:37","slug":"geschichte","status":"publish","type":"page","link":"https:\/\/lab.jardindigital.com\/www.kleintierewiltz.info\/geschichte\/","title":{"rendered":"Geschichte"},"content":{"rendered":"<p>[vc_row 0=&#8220;&#8220;][vc_column 0=&#8220;&#8220;]<div class=\"section aboutus type-1 vc_custom_1602133255301\"><div class=\"section-inner\"><div class=\"wrapper\"><div class=\"row\"><div class=\"col-md-4\"><div class=\"about-photo\"><a href=\"\" data-background=\"https:\/\/lab.jardindigital.com\/www.kleintierewiltz.info\/wp-content\/uploads\/2020\/09\/ktw-schwartz.jpg\"><\/a><\/div><\/div><div class=\"col-md-8\"><div class=\"about-desc\"><p>Die Gr\u00fcndung des Vereins erfolgte am 08. November 1925 im Caf\u00e9 Schlottert Tony in Wiltz.<\/p>\n<p>Um 16.15 Uhr wurde die Versammlung unter dem Vorsitz von Herr Max Faber er\u00f6ffnet. In der gut besuchten Versammlung war auch Herr Albert Becker von der Ortsgruppe Ettelbr\u00fcck anwesend, der es verstand durch seinen lehrreichen Vortrag die Zuh\u00f6rer zu fesseln. Er teilte den Leuten die Ziele eines Kleintierzuchtvereins mit, wie u.a. Futterbeschaffung, Vortr\u00e4ge usw., was ihm gro\u00dfen Beifall einbrachte.<\/p>\n<p>Dann wurde der Vorstand zusammengestellt :<\/p>\n<p>Ehrenpr\u00e4sident -Albert Becker<br \/>\nPr\u00e4sident -Lampert Franz Mme<br \/>\nVize-Pr\u00e4sident -Faber Max<br \/>\nSchriftf\u00fchrer -Guth Henri<br \/>\nKassierer -Faber Leo<br \/>\nBeisitzende -Dieschbourg Charles -Gruber Norbert -Gei\u00dfwiller Theodore -Meier Joseph -Rebstock Emile<\/p>\n<p>&gt;&gt;&gt; auf dem Foto (von links nach rechts): Grisius Leon, Schaak Antoine, Schwartz Jean<\/p><\/div><\/div><\/div><\/div><\/div><\/div>[vc_row_inner css=&#8220;.vc_custom_1602132857678{margin-top: 0px !important;padding-top: 0px !important;}&#8220;][vc_column_inner width=&#8220;1\/6&#8243;][\/vc_column_inner][vc_column_inner width=&#8220;2\/3&#8243;][vc_column_text css=&#8220;.vc_custom_1603443155348{margin-top: 40px !important;padding-right: 40px !important;padding-left: 40px !important;}&#8220;]<\/p>\n<p style=\"text-align: justify;\">Danach sprach der Schriftf\u00fchrer der Ortsgruppe Ettelbr\u00fcck, Herr Barthels zu der Versammlung und verwies auf die eben geschaffene Fell-Verbandssammelstelle, welche einen Durchschnittspreis von 5.-Franken pro Fell anbietet.<\/p>\n<p style=\"text-align: justify;\">Schlu\u00dfwort der Gr\u00fcndungsversammlung durch Herr Faber Max :<br \/>\n(exakt laut Bericht)<\/p>\n<p style=\"text-align: justify;\"><em>Er dankte sehr herzlich f\u00fcr die Unterst\u00fctzung und wenn die Wiltzer Zuchtfreunde heute auf eigenen F\u00fc\u00dfen stehen, so geschehe dies nur unter der festen Zuversicht, da\u00df man auch in Zukunft auf die Unterst\u00fctzung der \u201aEttelbr\u00fccker\u2018 Freunde rechnen k\u00f6nne.<\/em><\/p>\n<p style=\"text-align: justify;\"><em>Das Freundschaftsband soll darum heute enger als zuvor die beiden Brudervereine zusammenschlie\u00dfen, zum Wohle der aufbl\u00fchenden St\u00e4dte Wiltz und Ettelbr\u00fcck. Es ist sicher, wenn das junge Reis, welches heute der Ettelbr\u00fccker Vorstand hier gepflanzt hat bald zu den sch\u00f6nsten Hoffnungen berechtigen wird. An der Spitze des Vereines standen Leute, meist erprobte Z\u00fcchter, welche sich mit Liebe und Uneigenn\u00fctzigkeit dieser gemeinsamen Bestrebung angenommen haben.<\/em><br \/>\nHerr Faber L\u00e9o schlie\u00dft die Sitzung mit einem herzlichen Vivat, Floreat, Creveat auf den jungen Verein.<\/p>\n<p style=\"text-align: justify;\">In der Delegiertenversammlung des Landesverbandes vom 17.01.1926 in Luxemburg wurde der Verein Wiltz offiziell aufgenommen.<\/p>\n<p>Bereits 1928 wurde Herr Max Faber zum neuen Pr\u00e4sidenten gew\u00e4hlt. Die erste Ausstellung wurde vom 02. bis 04. September 1928 in der Knabenschule als Nordgruppenausstellung organisiert.<\/p>\n<p><b>1934<\/b> \u00fcbernahm der Wiltzer Pr\u00e4sident Faber auch den Vorsitz der Nordgruppe, und Jean-Pierre Brandenburger, ein Leghornz\u00fcchter \u201apar excellence\u2018 wurde zum Vertreter der Nordgruppe gew\u00e4hlt.<\/p>\n<p style=\"text-align: justify;\"><b>In<\/b> den Jahren bis 1943 trat der Wiltzer Verein besonders hervor durch die gro\u00dfen Gefl\u00fcgelz\u00fcchter, so z.B. die Herren Fraiture Jean, Oestreicher Henri, Esch Pierre und Brandenburger Jean-Pierre.<\/p>\n<p style=\"text-align: justify;\">Immerhin wurden im Jahre 1943 immerhin noch 194 Kaninchen t\u00e4towiert, der Verein z\u00e4hlte noch 158 Mitglieder.<\/p>\n<p style=\"text-align: justify;\">Am 16.01.1944 wurde der letzte Bericht vor dem Krieg geschrieben, danach kam das Vereinsleben zum erliegen.<\/p>\n<p style=\"text-align: justify;\">Die erste Ausstellung nach dem Krieg fand am 18.01.1948 statt. 102 Tiere, 75 Gefl\u00fcgel und 27 Kaninchen waren zu sehen. Der Verein wurde nun von Reimen Henri gef\u00fchrt.<\/p>\n<p style=\"text-align: justify;\"><b>Der Verein organisierte nun regelm\u00e4\u00dfig Ausstellungen, Feste und nahm an allen Regionalen und Nationalen Manifestationen und Ausstellungen teil.<\/b><\/p>\n<p style=\"text-align: justify;\"><b>1964<\/b> machte \u201aunser\u2018 Schwartz Jean seine Preisrichterpr\u00fcfung in der Sparte Kaninchen. Neuer Pr\u00e4sident wurde GRISIUS L\u00e9on. welcher bis dato das Amt des Kassierers inne hatte.<br \/>\nEr \u00fcbernahm auch den Vorsitz der Nordgruppe und wurde als Beisitzer im Landesverbandsvorstand gew\u00e4hlt.<br \/>\nNun nahm der Verein, \u00fcbrigens bis zum heutigen Tage, mit einem Festwagen an dem j\u00e4hrlichen Ginsterfest teil.<br \/>\nDer Verein erlebte ein \u201aHoch\u2018 in den Jahren 1966 bis 1976. Danach flaute das Vereinsleben etwas ab .<br \/>\nNach 18 Jahren Pr\u00e4sidentschaft verstarb L\u00e9on Grisisus. Schwartz Jean \u00fcbernahm kurzfristig, vom September 1982 bis Februar 1983 das Amt des Pr\u00e4sidenten.<\/p>\n<p style=\"text-align: justify;\"><b>Schmitz Th\u00e9o<\/b> wurde zum neuen Vorsitzenden gew\u00e4hlt, in einer Zeit als der Verein relativ schwach besetzt war.<\/p>\n<p style=\"text-align: justify;\">Ab diesem Jahr fand in Wiltz jedes Jahr eine Ausstellung statt, in den Jahren 1989, 1990 und 1991 wurden neben der lokalen. Auch eine Propagandaschau in einer Nachbargemeinde organisiert.<br \/>\nDie Teilnahme an dem lokalen Ginsterfest wurde beibehalten, hinzu kamen folgende Aktivit\u00e4ten :<\/p>\n<p style=\"text-align: justify;\">\u00b7 J\u00e4hrliches Grillfest oder Bustour<br \/>\n\u00b7 Fahrten zu ausl\u00e4ndischen Zuchtanlagen und Ausstellungen<br \/>\n\u00b7 Z\u00fcchterversammlungen mit Fachvortr\u00e4gen<br \/>\nDer Vorstand wurde f\u00fcr alle Bem\u00fchungen belohnt, denn viele j\u00fcngere Leute stie\u00dfen zu uns und besetzen heute wichtige Posten im Verein !<\/p>\n<p style=\"text-align: justify;\"><b>1990<\/b> bestand Schmitz Th\u00e9o sein Preisrichter &#8211; Examen in der Sparte Gefl\u00fcgel.<br \/>\n<b>1991<\/b> begann unsere Freundschaft mit dem Kaninchenzuchtverein K\u00f6ln-Zollstock (R236). Regelm\u00e4ssig treffen sich die Z\u00fcchter der beiden Vereine, jeweils in K\u00f6ln und in Wiltz.<\/p>\n<p style=\"text-align: justify;\">Im selben Jahr wurde das \u201a24-Stonne-Velo Wooltz\u2018 ins Leben gerufen und unser Verein war w\u00e4hrend 10 Jahren, jeweils im Juli, anwesend mit einem gr\u00f6\u00dferen Grillstand. Das beste Ergebnis wurde in einem der Anfangsjahren, mit 6500 verschiedenen verkauften Artikeln (Bratw\u00fcrste, Koteletts, usw..) erzielt.<br \/>\nDas heisst, um die Besucher eines 24-Stunden Fahrrad &#8211; Rennens mit E\u00dfwaren bei Laune zu behalten, da mu\u00dften wir etwa 44 Stunden anwesend sein !<\/p>\n<p style=\"text-align: justify;\">Unser Clublokal wurde am 17.10.1992 im Beisein der Gemeindevertreter und des Landesverbandes eingeweiht. Nun konnten die Z\u00fcchterversammlungen mit Fachvortr\u00e4gen noch erweitert werden.<br \/>\nUnsere Lokalschauen hatten sich ebenfalls zum positiven entwickelt und bis zu 900 Tiere wurden jeweils ausgestellt. Andere Hobbyst\u00e4nde wurden eingeladen um die Schau zu versch\u00f6nern. Im Jubil\u00e4umsjahr 2000 hatte eine G\u00e4rtnerei eine herrliche Gr\u00fcnanlage (8 x 15 Meter) in der Mitte der Ausstellungshalle eingerichtet.<\/p>\n<p style=\"text-align: justify;\">In den Jahren 1984 und 1996 wurde der Landeskongress in Wiltz organisiert.<br \/>\n1995 wurde eine Vereinsbrutmaschine angeschafft.<br \/>\n1997 bestand Klasen Jengel sein Preisrichterexamen in der Sparte Gefl\u00fcgel und Schirtz Pierrot in der Sparte Kaninchen !<\/p>\n<p style=\"text-align: justify;\">Am 15.04.1998 wurde ein Lieferwagen gekauft, um so die Tiere angenehm zu den Ausstellungen zu bringen. (Fiat Ducati) Im Jahr 1998 wurde das Wiltzer blaue Band eingef\u00fchrt. Nur einmal im Jahr kann ein Gefl\u00fcgel- und ein Kanichenz\u00fcchter dieses sch\u00f6ne Band gewinnen.<br \/>\nIm Januar 2000 machte Klomp Ben sein Presirichterexamen in der Sparte Gefl\u00fcgel.<\/p>\n<p style=\"text-align: justify;\">Im Jahr 2000 konnte unser Verein sein 75j\u00e4hriges Bestehen feiern.<br \/>\nZum Anla\u00df dieses Geburtstages wurde im M\u00e4rz eine K\u00fckenschau organisiert. Bereits am Samstag hatten alle zum Verkauf angebotenen K\u00fcken den Besitzer gewechselt. Die K\u00fcken wurden in der Mitte eines A3 \u2013 70cm Ausstellungsk\u00e4figs vorgestellt, jeweils links und rechts davon die Elterntiere. So konnte n die Besucher sich ein Bild \u00fcber die Rasse und Aussehen machen.<br \/>\nDie Jubil\u00e4umsausstellung im November war ein au\u00dferordentlicher Erfolg ! 850 Tiere waren ausgestellt, davon 135 Tiere vom Sonderverein der Sussex und Zwergsussex des Bezirks Rheinland-Westfalen. Unsere Freunde aus K\u00f6ln waren mit 50 Kaninchen vertreten.<\/p>\n<p style=\"text-align: justify;\">\u201e75 Jahre Kleintierzucht in Wiltz\u201c , so der Titel des Buches das gelegentlich der Er\u00f6ffnung dieser Schau vorgestellt wurde. Dieses Buch berichtet \u00fcber die 75j\u00e4hrige Geschichte unseres Vereins.<br \/>\nDer Wiltzer Kleintierzuchtverein ist seit 10 Jahren ununterbrochen Landesvereinsmeister und sieben Mal Vereins-Kreismeister in K\u00f6ln.<br \/>\nIm Ranking des Landesverbandes f\u00fchrend in Mitgliederzahl, Anzahl t\u00e4towierter Jungkaninchen und in der Anzahl beringter K\u00fcken !<br \/>\nDer Verein ist seit Jahren verantwortlich f\u00fcr die Tieranmeldungen und das Ausstellungsb\u00fcro der Landesverbandsschauen, inkl.Katalog.<\/p>\n<p>&nbsp;<\/p>\n<p><b>Infos<\/b><\/p>\n<p>85 Joer Weeltzer Klengd\u00e9ierenziichter: <a href=\"http:\/\/lab.jardindigital.com\/kleintierewiltz\/wp-content\/uploads\/2020\/09\/85-Joer.pdf\" target=\"_blank\" rel=\"noopener noreferrer\">85-Joer.pdf<\/a><br \/>\nGr\u00fcndung des Vereins 1925: <a href=\"http:\/\/lab.jardindigital.com\/kleintierewiltz\/wp-content\/uploads\/2020\/09\/1925.pdf\" target=\"_blank\" rel=\"noopener noreferrer\">1925.pdf<\/a><br \/>\nHistory: <a href=\"http:\/\/lab.jardindigital.com\/kleintierewiltz\/wp-content\/uploads\/2020\/09\/history.pdf\" target=\"_blank\" rel=\"noopener noreferrer\">history.pdf<\/a>[\/vc_column_text][vc_separator color=&#8220;black&#8220; style=&#8220;dashed&#8220;][vc_column_text css=&#8220;.vc_custom_1602057158863{padding-right: 40px !important;padding-left: 40px !important;}&#8220;]<b>Chronik <\/b><em>(.pdf)<\/em><b><br \/>\n<\/b><\/p>\n<p><a href=\"http:\/\/lab.jardindigital.com\/www.kleintierewiltz.info\/wp-content\/uploads\/2020\/10\/1925.pdf\" target=\"_blank\" rel=\"noopener noreferrer\">1925<\/a> | <a href=\"http:\/\/lab.jardindigital.com\/www.kleintierewiltz.info\/wp-content\/uploads\/2020\/10\/1927.pdf\" target=\"_blank\" rel=\"noopener noreferrer\">1927<\/a> | <a href=\"http:\/\/lab.jardindigital.com\/www.kleintierewiltz.info\/wp-content\/uploads\/2020\/10\/1928.pdf\" target=\"_blank\" rel=\"noopener noreferrer\">1928<\/a> | <a href=\"http:\/\/lab.jardindigital.com\/www.kleintierewiltz.info\/wp-content\/uploads\/2020\/10\/1929.pdf\" target=\"_blank\" rel=\"noopener noreferrer\">1929<\/a> | <a href=\"http:\/\/lab.jardindigital.com\/www.kleintierewiltz.info\/wp-content\/uploads\/2020\/10\/1931.pdf\" target=\"_blank\" rel=\"noopener noreferrer\">1931<\/a> | <a href=\"http:\/\/lab.jardindigital.com\/www.kleintierewiltz.info\/wp-content\/uploads\/2020\/10\/1932.pdf\" target=\"_blank\" rel=\"noopener noreferrer\">1932<\/a> | <a href=\"http:\/\/lab.jardindigital.com\/www.kleintierewiltz.info\/wp-content\/uploads\/2020\/10\/1935.pdf\" target=\"_blank\" rel=\"noopener noreferrer\">1935<\/a> | <a href=\"http:\/\/lab.jardindigital.com\/www.kleintierewiltz.info\/wp-content\/uploads\/2020\/10\/1935text.pdf\" target=\"_blank\" rel=\"noopener noreferrer\">1935 Text<\/a> | <a href=\"http:\/\/lab.jardindigital.com\/www.kleintierewiltz.info\/wp-content\/uploads\/2020\/10\/1937.pdf\" target=\"_blank\" rel=\"noopener noreferrer\">1937<\/a> | <a href=\"http:\/\/lab.jardindigital.com\/www.kleintierewiltz.info\/wp-content\/uploads\/2020\/10\/1939.pdf\" target=\"_blank\" rel=\"noopener noreferrer\">1939<\/a> | <a href=\"http:\/\/lab.jardindigital.com\/www.kleintierewiltz.info\/wp-content\/uploads\/2020\/10\/1941.pdf\" target=\"_blank\" rel=\"noopener noreferrer\">1941<\/a> | <a href=\"http:\/\/lab.jardindigital.com\/www.kleintierewiltz.info\/wp-content\/uploads\/2020\/10\/1942.pdf\" target=\"_blank\" rel=\"noopener noreferrer\">1942<\/a> | <a href=\"http:\/\/lab.jardindigital.com\/www.kleintierewiltz.info\/wp-content\/uploads\/2020\/10\/1948.pdf\" target=\"_blank\" rel=\"noopener noreferrer\">1948<\/a> | <a href=\"http:\/\/lab.jardindigital.com\/www.kleintierewiltz.info\/wp-content\/uploads\/2020\/10\/1951.pdf\" target=\"_blank\" rel=\"noopener noreferrer\">1951<\/a> | <a href=\"http:\/\/lab.jardindigital.com\/www.kleintierewiltz.info\/wp-content\/uploads\/2020\/10\/1954.pdf\" target=\"_blank\" rel=\"noopener noreferrer\">1954<\/a> | <a href=\"http:\/\/lab.jardindigital.com\/www.kleintierewiltz.info\/wp-content\/uploads\/2020\/10\/1956.pdf\" target=\"_blank\" rel=\"noopener noreferrer\">1956<\/a> | <a href=\"http:\/\/lab.jardindigital.com\/www.kleintierewiltz.info\/wp-content\/uploads\/2020\/10\/1964.pdf\" target=\"_blank\" rel=\"noopener noreferrer\">1964<\/a> | <a href=\"http:\/\/lab.jardindigital.com\/www.kleintierewiltz.info\/wp-content\/uploads\/2020\/10\/1964text.pdf\" target=\"_blank\" rel=\"noopener noreferrer\">Text 1964<\/a> | <a href=\"http:\/\/lab.jardindigital.com\/www.kleintierewiltz.info\/wp-content\/uploads\/2020\/10\/1965.pdf\" target=\"_blank\" rel=\"noopener noreferrer\">1965<\/a> | <a href=\"http:\/\/lab.jardindigital.com\/www.kleintierewiltz.info\/wp-content\/uploads\/2020\/10\/1966.pdf\" target=\"_blank\" rel=\"noopener noreferrer\">1966<\/a> | <a href=\"http:\/\/lab.jardindigital.com\/www.kleintierewiltz.info\/wp-content\/uploads\/2020\/10\/1967.pdf\" target=\"_blank\" rel=\"noopener noreferrer\">1967<\/a> | <a href=\"http:\/\/lab.jardindigital.com\/www.kleintierewiltz.info\/wp-content\/uploads\/2020\/10\/1969.pdf\" target=\"_blank\" rel=\"noopener noreferrer\">1969<\/a> | <a href=\"http:\/\/lab.jardindigital.com\/www.kleintierewiltz.info\/wp-content\/uploads\/2020\/10\/1970.pdf\" target=\"_blank\" rel=\"noopener noreferrer\">1970<\/a> | <a href=\"http:\/\/lab.jardindigital.com\/www.kleintierewiltz.info\/wp-content\/uploads\/2020\/10\/1971.pdf\" target=\"_blank\" rel=\"noopener noreferrer\">1971<\/a> | <a href=\"http:\/\/lab.jardindigital.com\/www.kleintierewiltz.info\/wp-content\/uploads\/2020\/10\/1972.pdf\" target=\"_blank\" rel=\"noopener noreferrer\">1972<\/a> | <a href=\"http:\/\/lab.jardindigital.com\/www.kleintierewiltz.info\/wp-content\/uploads\/2020\/10\/1973.pdf\" target=\"_blank\" rel=\"noopener noreferrer\">1973<\/a> | <a href=\"http:\/\/lab.jardindigital.com\/www.kleintierewiltz.info\/wp-content\/uploads\/2020\/10\/1974.pdf\" target=\"_blank\" rel=\"noopener noreferrer\">1974<\/a> | <a href=\"http:\/\/lab.jardindigital.com\/www.kleintierewiltz.info\/wp-content\/uploads\/2020\/10\/1975.pdf\" target=\"_blank\" rel=\"noopener noreferrer\">1975<\/a> | <a href=\"http:\/\/lab.jardindigital.com\/www.kleintierewiltz.info\/wp-content\/uploads\/2020\/10\/1976.pdf\" target=\"_blank\" rel=\"noopener noreferrer\">1976<\/a> | <a href=\"http:\/\/lab.jardindigital.com\/www.kleintierewiltz.info\/wp-content\/uploads\/2020\/10\/1976text.pdf\" target=\"_blank\" rel=\"noopener noreferrer\">Text 1976<\/a> | <a href=\"http:\/\/lab.jardindigital.com\/www.kleintierewiltz.info\/wp-content\/uploads\/2020\/10\/1978.pdf\" target=\"_blank\" rel=\"noopener noreferrer\">1978<\/a> | <a href=\"http:\/\/lab.jardindigital.com\/www.kleintierewiltz.info\/wp-content\/uploads\/2020\/10\/1980.pdf\" target=\"_blank\" rel=\"noopener noreferrer\">1980<\/a> | <a href=\"http:\/\/lab.jardindigital.com\/www.kleintierewiltz.info\/wp-content\/uploads\/2020\/10\/1981.pdf\" target=\"_blank\" rel=\"noopener noreferrer\">1981<\/a> | <a href=\"http:\/\/lab.jardindigital.com\/www.kleintierewiltz.info\/wp-content\/uploads\/2020\/10\/1982.pdf\" target=\"_blank\" rel=\"noopener noreferrer\">1982<\/a> | <a href=\"http:\/\/lab.jardindigital.com\/www.kleintierewiltz.info\/wp-content\/uploads\/2020\/10\/1983.pdf\" target=\"_blank\" rel=\"noopener noreferrer\">1983<\/a> | <a href=\"http:\/\/lab.jardindigital.com\/www.kleintierewiltz.info\/wp-content\/uploads\/2020\/10\/1984.pdf\" target=\"_blank\" rel=\"noopener noreferrer\">1984<\/a> | <a href=\"http:\/\/lab.jardindigital.com\/www.kleintierewiltz.info\/wp-content\/uploads\/2020\/10\/1985.pdf\" target=\"_blank\" rel=\"noopener noreferrer\">1985<\/a> | <a href=\"http:\/\/lab.jardindigital.com\/www.kleintierewiltz.info\/wp-content\/uploads\/2020\/10\/1986.pdf\" target=\"_blank\" rel=\"noopener noreferrer\">1986<\/a> | <a href=\"http:\/\/lab.jardindigital.com\/www.kleintierewiltz.info\/wp-content\/uploads\/2020\/10\/1987.pdf\" target=\"_blank\" rel=\"noopener noreferrer\">1987<\/a> | <a href=\"http:\/\/lab.jardindigital.com\/www.kleintierewiltz.info\/wp-content\/uploads\/2020\/10\/1988.pdf\" target=\"_blank\" rel=\"noopener noreferrer\">1988<\/a> | <a href=\"http:\/\/lab.jardindigital.com\/www.kleintierewiltz.info\/wp-content\/uploads\/2020\/10\/1989.pdf\" target=\"_blank\" rel=\"noopener noreferrer\">1989<\/a> | <a href=\"http:\/\/lab.jardindigital.com\/www.kleintierewiltz.info\/wp-content\/uploads\/2020\/10\/1990.pdf\" target=\"_blank\" rel=\"noopener noreferrer\">1990<\/a> | <a href=\"http:\/\/lab.jardindigital.com\/www.kleintierewiltz.info\/wp-content\/uploads\/2020\/10\/1991.pdf\" target=\"_blank\" rel=\"noopener noreferrer\">1991<\/a> | <a href=\"http:\/\/lab.jardindigital.com\/www.kleintierewiltz.info\/wp-content\/uploads\/2020\/10\/1992.pdf\" target=\"_blank\" rel=\"noopener noreferrer\">1992<\/a> | <a href=\"http:\/\/lab.jardindigital.com\/www.kleintierewiltz.info\/wp-content\/uploads\/2020\/10\/1993.pdf\" target=\"_blank\" rel=\"noopener noreferrer\">1993<\/a> | <a href=\"http:\/\/lab.jardindigital.com\/www.kleintierewiltz.info\/wp-content\/uploads\/2020\/10\/1994.pdf\" target=\"_blank\" rel=\"noopener noreferrer\">1994<\/a> | <a href=\"http:\/\/lab.jardindigital.com\/www.kleintierewiltz.info\/wp-content\/uploads\/2020\/10\/1995.pdf\" target=\"_blank\" rel=\"noopener noreferrer\">1995<\/a> | <a href=\"http:\/\/lab.jardindigital.com\/www.kleintierewiltz.info\/wp-content\/uploads\/2020\/10\/1996.pdf\" target=\"_blank\" rel=\"noopener noreferrer\">1996<\/a> | <a href=\"http:\/\/lab.jardindigital.com\/www.kleintierewiltz.info\/wp-content\/uploads\/2020\/10\/1996-Fotos.pdf\" target=\"_blank\" rel=\"noopener noreferrer\">Fotos 1996<\/a> | <a href=\"http:\/\/lab.jardindigital.com\/www.kleintierewiltz.info\/wp-content\/uploads\/2020\/10\/1997.pdf\" target=\"_blank\" rel=\"noopener noreferrer\">1997<\/a> | <a href=\"http:\/\/lab.jardindigital.com\/www.kleintierewiltz.info\/wp-content\/uploads\/2020\/10\/1998.pdf\" target=\"_blank\" rel=\"noopener noreferrer\">1998<\/a> | <a href=\"http:\/\/lab.jardindigital.com\/www.kleintierewiltz.info\/wp-content\/uploads\/2020\/10\/1999.pdf\" target=\"_blank\" rel=\"noopener noreferrer\">1999<\/a> | <a href=\"http:\/\/lab.jardindigital.com\/www.kleintierewiltz.info\/wp-content\/uploads\/2020\/10\/2000.pdf\" target=\"_blank\" rel=\"noopener noreferrer\">2000<\/a> |[\/vc_column_text][\/vc_column_inner][vc_column_inner width=&#8220;1\/6&#8243;][\/vc_column_inner][\/vc_row_inner][\/vc_column][\/vc_row]<\/p>\n","protected":false},"excerpt":{"rendered":"<p>[vc_row 0=&#8220;&#8220;][vc_column 0=&#8220;&#8220;][vc_row_inner css=&#8220;.vc_custom_1602132857678{margin-top: 0px !important;padding-top: 0px !important;}&#8220;][vc_column_inner width=&#8220;1\/6&#8243;][\/vc_column_inner][vc_column_inner width=&#8220;2\/3&#8243;][vc_column_text css=&#8220;.vc_custom_1603443155348{margin-top: 40px !important;padding-right: 40px !important;padding-left: 40px !important;}&#8220;] Danach sprach der Schriftf\u00fchrer der Ortsgruppe Ettelbr\u00fcck, Herr Barthels zu der Versammlung und verwies auf die eben geschaffene Fell-Verbandssammelstelle, welche einen Durchschnittspreis von 5.-Franken pro Fell anbietet. Schlu\u00dfwort der Gr\u00fcndungsversammlung durch Herr Faber Max : (exakt laut Bericht) [&hellip;]<\/p>\n","protected":false},"author":1,"featured_media":0,"parent":0,"menu_order":0,"comment_status":"closed","ping_status":"closed","template":"custom-page.php","meta":{"ngg_post_thumbnail":0},"_links":{"self":[{"href":"https:\/\/lab.jardindigital.com\/www.kleintierewiltz.info\/wp-json\/wp\/v2\/pages\/137"}],"collection":[{"href":"https:\/\/lab.jardindigital.com\/www.kleintierewiltz.info\/wp-json\/wp\/v2\/pages"}],"about":[{"href":"https:\/\/lab.jardindigital.com\/www.kleintierewiltz.info\/wp-json\/wp\/v2\/types\/page"}],"author":[{"embeddable":true,"href":"https:\/\/lab.jardindigital.com\/www.kleintierewiltz.info\/wp-json\/wp\/v2\/users\/1"}],"replies":[{"embeddable":true,"href":"https:\/\/lab.jardindigital.com\/www.kleintierewiltz.info\/wp-json\/wp\/v2\/comments?post=137"}],"version-history":[{"count":31,"href":"https:\/\/lab.jardindigital.com\/www.kleintierewiltz.info\/wp-json\/wp\/v2\/pages\/137\/revisions"}],"predecessor-version":[{"id":1160,"href":"https:\/\/lab.jardindigital.com\/www.kleintierewiltz.info\/wp-json\/wp\/v2\/pages\/137\/revisions\/1160"}],"wp:attachment":[{"href":"https:\/\/lab.jardindigital.com\/www.kleintierewiltz.info\/wp-json\/wp\/v2\/media?parent=137"}],"curies":[{"name":"wp","href":"https:\/\/api.w.org\/{rel}","templated":true}]}}